{"id":7469,"date":"2023-11-14T16:14:45","date_gmt":"2023-11-14T14:14:45","guid":{"rendered":"https:\/\/www.sonneshop.ee\/product\/saulesbrilles-mini\/"},"modified":"2023-11-14T16:14:45","modified_gmt":"2023-11-14T14:14:45","slug":"saulesbrilles-mini","status":"publish","type":"product","link":"https:\/\/www.sonneshop.ee\/lv\/product\/saulesbrilles-mini\/","title":{"rendered":"Saulesbrilles mini"},"content":{"rendered":"<p>&nbsp;<\/p>\n<p><strong>SONNENGLAS\u00ae NOZ\u012aM\u0112 AR\u012a:<\/strong><\/p>\n<p><span style=\"font-weight: 400;\">M\u0112S ATST\u0100JAM PASAULI LAB\u0100K\u0100 ST\u0100VOKL\u012a, NEK\u0100 ESAM TO ATRADU\u0160I.<\/span><\/p>\n<p><span style=\"font-weight: 400;\">Kop\u0161 t\u0101 att\u012bst\u012bbas Johannesburgas apkaim\u0113s \u0161is process ir tie\u0161i saist\u012bts ar to cilv\u0113ku dz\u012bvi, kuri to ra\u017eo. \u0160ie cilv\u0113ki ir sasniegu\u0161i  <\/span><\/p>\n<p><span style=\"font-weight: 400;\">lab\u0101ko, kas vi\u0146iem ir, pateicoties atjaut\u012bbai un neviltotai dz\u012bvespriekam. Tie\u0161i \u0161\u012b dv\u0113sele ir SONNENGLAS\u00ae dv\u0113sele, kas ir t\u0101, kas t\u0101 ir: gaisma, kas sp\u012bd da\u017e\u0101dos veidos.<\/span><\/p>\n<p><span style=\"font-weight: 400;\">T\u0101p\u0113c mums ir pa\u0161saprotami ra\u017eot m\u016bsu saules lampas soci\u0101li ilgtsp\u0113j\u012bg\u0101 veid\u0101, iev\u0113rojot stingrus god\u012bgas tirdzniec\u012bbas standartus. Sav\u0101 r\u016bpn\u012bc\u0101 Dienvid\u0101frik\u0101 m\u0113s rad\u0101m stabilas darbavietas un perspekt\u012bvas jaunie\u0161iem, kas agr\u0101k bija bezdarbnieki un dz\u012bvo nelabv\u0113l\u012bgos Johannesburgas rajonos.<\/span><\/p>\n<p><span style=\"font-weight: 400;\">SONNENGLAS\u00ae tiek ra\u017eots galvenok\u0101rt ar rok\u0101m. Tas nodro\u0161ina augstu kvalit\u0101ti un \u012bpa\u0161i ilgu kalpo\u0161anas laiku. \u012asts Dienvid\u0101frikas veiksmes st\u0101sts, kas ne tikai ienes\u012bs vair\u0101k gaismas pils\u0113ti\u0146\u0101s, bet ar\u012b padar\u012bs p\u0101r\u0113jo pasauli gai\u0161\u0101ku &#8211; gaisma p\u0113c gaismas.<\/span><\/p>\n<p>&nbsp;<\/p>\n","protected":false},"excerpt":{"rendered":"<p>&nbsp;<\/p>\n<h5><strong>N\u0101kam\u0101s paaudzes za\u013c\u0101s augsto tehnolo\u0123iju tehnolo\u0123ijas gudr\u0101 un praktisk\u0101 250 ml (8,4 oz) versij\u0101 ar sp\u012bdumu l\u012bdz pat 60 stund\u0101m.<\/strong><\/h5>\n<p>&nbsp;<\/p>\n<p><b>Funkcijas:  <\/b><\/p>\n<p><span style=\"font-weight: 400;\">Darbojas l\u012bdz 60 stund\u0101m p\u0113c katras pilnas uzl\u0101des<\/span><\/p>\n<p><span style=\"font-weight: 400;\">Autom\u0101tiski iesl\u0113dzas nakt\u012b un izsl\u0113dzas n\u0101kamaj\u0101 r\u012bt\u0101.<\/span><\/p>\n<p><span style=\"font-weight: 400;\">Jaun\u0101s SONNENGLAS\u00ae LED gaismas diodes ar maigu, siltu un nemirgojo\u0161u gaismu (3000K).<\/span><\/p>\n<p><span style=\"font-weight: 400;\">10 stundu akumulatora darb\u012bbas laiks p\u0113c tikai 10 min\u016b\u0161u uzl\u0101des, izmantojot USB-C<\/span><\/p>\n<p><span style=\"font-weight: 400;\">Praktisks akumulatora uzl\u0101des indikators<\/span><\/p>\n<p><span style=\"font-weight: 400;\">Pret skr\u0101p\u0113jumiem iztur\u012bgs augstas veiktsp\u0113jas p\u0101rkl\u0101jums<\/span><\/p>\n<p><span style=\"font-weight: 400;\">Notur\u012bgs pret laikapst\u0101k\u013ciem, koroziju, aizsarg\u0101ts pret lietus iedarb\u012bbu<\/span><\/p>\n<p><span style=\"font-weight: 400;\">Integr\u0113ta USB piesl\u0113gvieta ar putek\u013cu kontaktdak\u0161u<\/span><\/p>\n<p>&nbsp;<\/p>\n<p>&nbsp;<\/p>\n<p>&nbsp;<\/p>\n","protected":false},"featured_media":6810,"comment_status":"open","ping_status":"closed","template":"","meta":[],"product_brand":[],"product_cat":[460],"product_tag":[461],"class_list":{"0":"post-7469","1":"product","2":"type-product","3":"status-publish","4":"has-post-thumbnail","6":"product_cat-saules-stikls","7":"product_tag-saules-stikls","9":"first","10":"instock","11":"taxable","12":"shipping-taxable","13":"purchasable","14":"product-type-simple"},"yoast_head":"<!-- This site is optimized with the Yoast SEO plugin v27.5 - https:\/\/yoast.com\/product\/yoast-seo-wordpress\/ -->\n<title>Saulesbrilles mini - Sonne<\/title>\n<meta name=\"robots\" content=\"index, follow, max-snippet:-1, max-image-preview:large, max-video-preview:-1\" \/>\n<link rel=\"canonical\" href=\"https:\/\/www.sonneshop.ee\/lv\/product\/saulesbrilles-mini\/\" \/>\n<meta property=\"og:locale\" content=\"lv_LV\" \/>\n<meta property=\"og:type\" content=\"article\" \/>\n<meta property=\"og:title\" content=\"Saulesbrilles mini - Sonne\" \/>\n<meta property=\"og:description\" content=\"&nbsp; N\u0101kam\u0101s paaudzes za\u013c\u0101s augsto tehnolo\u0123iju tehnolo\u0123ijas gudr\u0101 un praktisk\u0101 250 ml (8,4 oz) versij\u0101 ar sp\u012bdumu l\u012bdz pat 60 stund\u0101m. &nbsp; Funkcijas:  Darbojas l\u012bdz 60 stund\u0101m p\u0113c katras pilnas uzl\u0101des Autom\u0101tiski iesl\u0113dzas nakt\u012b un izsl\u0113dzas n\u0101kamaj\u0101 r\u012bt\u0101. Jaun\u0101s SONNENGLAS\u00ae LED gaismas diodes ar maigu, siltu un nemirgojo\u0161u gaismu (3000K). 10 stundu akumulatora darb\u012bbas laiks p\u0113c tikai 10 min\u016b\u0161u uzl\u0101des, izmantojot USB-C Praktisks akumulatora uzl\u0101des indikators Pret skr\u0101p\u0113jumiem iztur\u012bgs augstas veiktsp\u0113jas p\u0101rkl\u0101jums Notur\u012bgs pret laikapst\u0101k\u013ciem, koroziju, aizsarg\u0101ts pret lietus iedarb\u012bbu Integr\u0113ta USB piesl\u0113gvieta ar putek\u013cu kontaktdak\u0161u &nbsp; &nbsp; &nbsp;\" \/>\n<meta property=\"og:url\" content=\"https:\/\/www.sonneshop.ee\/lv\/product\/saulesbrilles-mini\/\" \/>\n<meta property=\"og:site_name\" content=\"Sonne\" \/>\n<meta property=\"article:publisher\" content=\"https:\/\/www.facebook.com\/sonneshop\/\" \/>\n<meta property=\"og:image\" content=\"https:\/\/www.sonneshop.ee\/wp-content\/uploads\/2023\/11\/Sonne_glas_mini.jpg\" \/>\n\t<meta property=\"og:image:width\" content=\"800\" \/>\n\t<meta property=\"og:image:height\" content=\"800\" \/>\n\t<meta property=\"og:image:type\" content=\"image\/jpeg\" \/>\n<meta name=\"twitter:card\" content=\"summary_large_image\" \/>\n<meta name=\"twitter:label1\" content=\"Est. reading time\" \/>\n\t<meta name=\"twitter:data1\" content=\"1 minute\" \/>\n<script type=\"application\/ld+json\" class=\"yoast-schema-graph\">{\"@context\":\"https:\\\/\\\/schema.org\",\"@graph\":[{\"@type\":\"WebPage\",\"@id\":\"https:\\\/\\\/www.sonneshop.ee\\\/lv\\\/product\\\/saulesbrilles-mini\\\/\",\"url\":\"https:\\\/\\\/www.sonneshop.ee\\\/lv\\\/product\\\/saulesbrilles-mini\\\/\",\"name\":\"Saulesbrilles mini - Sonne\",\"isPartOf\":{\"@id\":\"https:\\\/\\\/www.sonneshop.ee\\\/lv\\\/#website\"},\"primaryImageOfPage\":{\"@id\":\"https:\\\/\\\/www.sonneshop.ee\\\/lv\\\/product\\\/saulesbrilles-mini\\\/#primaryimage\"},\"image\":{\"@id\":\"https:\\\/\\\/www.sonneshop.ee\\\/lv\\\/product\\\/saulesbrilles-mini\\\/#primaryimage\"},\"thumbnailUrl\":\"https:\\\/\\\/www.sonneshop.ee\\\/wp-content\\\/uploads\\\/2023\\\/11\\\/Sonne_glas_mini.jpg\",\"datePublished\":\"2023-11-14T14:14:45+00:00\",\"breadcrumb\":{\"@id\":\"https:\\\/\\\/www.sonneshop.ee\\\/lv\\\/product\\\/saulesbrilles-mini\\\/#breadcrumb\"},\"inLanguage\":\"lv-LV\",\"potentialAction\":[{\"@type\":\"ReadAction\",\"target\":[\"https:\\\/\\\/www.sonneshop.ee\\\/lv\\\/product\\\/saulesbrilles-mini\\\/\"]}]},{\"@type\":\"ImageObject\",\"inLanguage\":\"lv-LV\",\"@id\":\"https:\\\/\\\/www.sonneshop.ee\\\/lv\\\/product\\\/saulesbrilles-mini\\\/#primaryimage\",\"url\":\"https:\\\/\\\/www.sonneshop.ee\\\/wp-content\\\/uploads\\\/2023\\\/11\\\/Sonne_glas_mini.jpg\",\"contentUrl\":\"https:\\\/\\\/www.sonneshop.ee\\\/wp-content\\\/uploads\\\/2023\\\/11\\\/Sonne_glas_mini.jpg\",\"width\":800,\"height\":800},{\"@type\":\"BreadcrumbList\",\"@id\":\"https:\\\/\\\/www.sonneshop.ee\\\/lv\\\/product\\\/saulesbrilles-mini\\\/#breadcrumb\",\"itemListElement\":[{\"@type\":\"ListItem\",\"position\":1,\"name\":\"Home\",\"item\":\"https:\\\/\\\/www.sonneshop.ee\\\/lv\\\/kafija-majas-maksla\\\/\"},{\"@type\":\"ListItem\",\"position\":2,\"name\":\"Pood\",\"item\":\"https:\\\/\\\/www.sonneshop.ee\\\/pood\\\/\"},{\"@type\":\"ListItem\",\"position\":3,\"name\":\"Saulesbrilles mini\"}]},{\"@type\":\"WebSite\",\"@id\":\"https:\\\/\\\/www.sonneshop.ee\\\/lv\\\/#website\",\"url\":\"https:\\\/\\\/www.sonneshop.ee\\\/lv\\\/\",\"name\":\"Sonne\",\"description\":\"Kohv.Kodu.Kunst\",\"publisher\":{\"@id\":\"https:\\\/\\\/www.sonneshop.ee\\\/lv\\\/#organization\"},\"potentialAction\":[{\"@type\":\"SearchAction\",\"target\":{\"@type\":\"EntryPoint\",\"urlTemplate\":\"https:\\\/\\\/www.sonneshop.ee\\\/lv\\\/?s={search_term_string}\"},\"query-input\":{\"@type\":\"PropertyValueSpecification\",\"valueRequired\":true,\"valueName\":\"search_term_string\"}}],\"inLanguage\":\"lv-LV\"},{\"@type\":\"Organization\",\"@id\":\"https:\\\/\\\/www.sonneshop.ee\\\/lv\\\/#organization\",\"name\":\"Sonne kohv.kodu.kunst\",\"url\":\"https:\\\/\\\/www.sonneshop.ee\\\/lv\\\/\",\"logo\":{\"@type\":\"ImageObject\",\"inLanguage\":\"lv-LV\",\"@id\":\"https:\\\/\\\/www.sonneshop.ee\\\/lv\\\/#\\\/schema\\\/logo\\\/image\\\/\",\"url\":\"https:\\\/\\\/www.sonneshop.ee\\\/wp-content\\\/uploads\\\/2023\\\/07\\\/Sonne_valge.png\",\"contentUrl\":\"https:\\\/\\\/www.sonneshop.ee\\\/wp-content\\\/uploads\\\/2023\\\/07\\\/Sonne_valge.png\",\"width\":600,\"height\":600,\"caption\":\"Sonne kohv.kodu.kunst\"},\"image\":{\"@id\":\"https:\\\/\\\/www.sonneshop.ee\\\/lv\\\/#\\\/schema\\\/logo\\\/image\\\/\"},\"sameAs\":[\"https:\\\/\\\/www.facebook.com\\\/sonneshop\\\/\"]}]}<\/script>\n<!-- \/ Yoast SEO plugin. -->","yoast_head_json":{"title":"Saulesbrilles mini - Sonne","robots":{"index":"index","follow":"follow","max-snippet":"max-snippet:-1","max-image-preview":"max-image-preview:large","max-video-preview":"max-video-preview:-1"},"canonical":"https:\/\/www.sonneshop.ee\/lv\/product\/saulesbrilles-mini\/","og_locale":"lv_LV","og_type":"article","og_title":"Saulesbrilles mini - Sonne","og_description":"&nbsp; N\u0101kam\u0101s paaudzes za\u013c\u0101s augsto tehnolo\u0123iju tehnolo\u0123ijas gudr\u0101 un praktisk\u0101 250 ml (8,4 oz) versij\u0101 ar sp\u012bdumu l\u012bdz pat 60 stund\u0101m. &nbsp; Funkcijas:  Darbojas l\u012bdz 60 stund\u0101m p\u0113c katras pilnas uzl\u0101des Autom\u0101tiski iesl\u0113dzas nakt\u012b un izsl\u0113dzas n\u0101kamaj\u0101 r\u012bt\u0101. Jaun\u0101s SONNENGLAS\u00ae LED gaismas diodes ar maigu, siltu un nemirgojo\u0161u gaismu (3000K). 10 stundu akumulatora darb\u012bbas laiks p\u0113c tikai 10 min\u016b\u0161u uzl\u0101des, izmantojot USB-C Praktisks akumulatora uzl\u0101des indikators Pret skr\u0101p\u0113jumiem iztur\u012bgs augstas veiktsp\u0113jas p\u0101rkl\u0101jums Notur\u012bgs pret laikapst\u0101k\u013ciem, koroziju, aizsarg\u0101ts pret lietus iedarb\u012bbu Integr\u0113ta USB piesl\u0113gvieta ar putek\u013cu kontaktdak\u0161u &nbsp; &nbsp; &nbsp;","og_url":"https:\/\/www.sonneshop.ee\/lv\/product\/saulesbrilles-mini\/","og_site_name":"Sonne","article_publisher":"https:\/\/www.facebook.com\/sonneshop\/","og_image":[{"width":800,"height":800,"url":"https:\/\/www.sonneshop.ee\/wp-content\/uploads\/2023\/11\/Sonne_glas_mini.jpg","type":"image\/jpeg"}],"twitter_card":"summary_large_image","twitter_misc":{"Est. reading time":"1 minute"},"schema":{"@context":"https:\/\/schema.org","@graph":[{"@type":"WebPage","@id":"https:\/\/www.sonneshop.ee\/lv\/product\/saulesbrilles-mini\/","url":"https:\/\/www.sonneshop.ee\/lv\/product\/saulesbrilles-mini\/","name":"Saulesbrilles mini - Sonne","isPartOf":{"@id":"https:\/\/www.sonneshop.ee\/lv\/#website"},"primaryImageOfPage":{"@id":"https:\/\/www.sonneshop.ee\/lv\/product\/saulesbrilles-mini\/#primaryimage"},"image":{"@id":"https:\/\/www.sonneshop.ee\/lv\/product\/saulesbrilles-mini\/#primaryimage"},"thumbnailUrl":"https:\/\/www.sonneshop.ee\/wp-content\/uploads\/2023\/11\/Sonne_glas_mini.jpg","datePublished":"2023-11-14T14:14:45+00:00","breadcrumb":{"@id":"https:\/\/www.sonneshop.ee\/lv\/product\/saulesbrilles-mini\/#breadcrumb"},"inLanguage":"lv-LV","potentialAction":[{"@type":"ReadAction","target":["https:\/\/www.sonneshop.ee\/lv\/product\/saulesbrilles-mini\/"]}]},{"@type":"ImageObject","inLanguage":"lv-LV","@id":"https:\/\/www.sonneshop.ee\/lv\/product\/saulesbrilles-mini\/#primaryimage","url":"https:\/\/www.sonneshop.ee\/wp-content\/uploads\/2023\/11\/Sonne_glas_mini.jpg","contentUrl":"https:\/\/www.sonneshop.ee\/wp-content\/uploads\/2023\/11\/Sonne_glas_mini.jpg","width":800,"height":800},{"@type":"BreadcrumbList","@id":"https:\/\/www.sonneshop.ee\/lv\/product\/saulesbrilles-mini\/#breadcrumb","itemListElement":[{"@type":"ListItem","position":1,"name":"Home","item":"https:\/\/www.sonneshop.ee\/lv\/kafija-majas-maksla\/"},{"@type":"ListItem","position":2,"name":"Pood","item":"https:\/\/www.sonneshop.ee\/pood\/"},{"@type":"ListItem","position":3,"name":"Saulesbrilles mini"}]},{"@type":"WebSite","@id":"https:\/\/www.sonneshop.ee\/lv\/#website","url":"https:\/\/www.sonneshop.ee\/lv\/","name":"Sonne","description":"Kohv.Kodu.Kunst","publisher":{"@id":"https:\/\/www.sonneshop.ee\/lv\/#organization"},"potentialAction":[{"@type":"SearchAction","target":{"@type":"EntryPoint","urlTemplate":"https:\/\/www.sonneshop.ee\/lv\/?s={search_term_string}"},"query-input":{"@type":"PropertyValueSpecification","valueRequired":true,"valueName":"search_term_string"}}],"inLanguage":"lv-LV"},{"@type":"Organization","@id":"https:\/\/www.sonneshop.ee\/lv\/#organization","name":"Sonne kohv.kodu.kunst","url":"https:\/\/www.sonneshop.ee\/lv\/","logo":{"@type":"ImageObject","inLanguage":"lv-LV","@id":"https:\/\/www.sonneshop.ee\/lv\/#\/schema\/logo\/image\/","url":"https:\/\/www.sonneshop.ee\/wp-content\/uploads\/2023\/07\/Sonne_valge.png","contentUrl":"https:\/\/www.sonneshop.ee\/wp-content\/uploads\/2023\/07\/Sonne_valge.png","width":600,"height":600,"caption":"Sonne kohv.kodu.kunst"},"image":{"@id":"https:\/\/www.sonneshop.ee\/lv\/#\/schema\/logo\/image\/"},"sameAs":["https:\/\/www.facebook.com\/sonneshop\/"]}]}},"_links":{"self":[{"href":"https:\/\/www.sonneshop.ee\/lv\/wp-json\/wp\/v2\/product\/7469","targetHints":{"allow":["GET"]}}],"collection":[{"href":"https:\/\/www.sonneshop.ee\/lv\/wp-json\/wp\/v2\/product"}],"about":[{"href":"https:\/\/www.sonneshop.ee\/lv\/wp-json\/wp\/v2\/types\/product"}],"replies":[{"embeddable":true,"href":"https:\/\/www.sonneshop.ee\/lv\/wp-json\/wp\/v2\/comments?post=7469"}],"wp:featuredmedia":[{"embeddable":true,"href":"https:\/\/www.sonneshop.ee\/lv\/wp-json\/wp\/v2\/media\/6810"}],"wp:attachment":[{"href":"https:\/\/www.sonneshop.ee\/lv\/wp-json\/wp\/v2\/media?parent=7469"}],"wp:term":[{"taxonomy":"product_brand","embeddable":true,"href":"https:\/\/www.sonneshop.ee\/lv\/wp-json\/wp\/v2\/product_brand?post=7469"},{"taxonomy":"product_cat","embeddable":true,"href":"https:\/\/www.sonneshop.ee\/lv\/wp-json\/wp\/v2\/product_cat?post=7469"},{"taxonomy":"product_tag","embeddable":true,"href":"https:\/\/www.sonneshop.ee\/lv\/wp-json\/wp\/v2\/product_tag?post=7469"}],"curies":[{"name":"wp","href":"https:\/\/api.w.org\/{rel}","templated":true}]}}